{"id":87,"date":"2024-03-21T15:33:04","date_gmt":"2024-03-21T14:33:04","guid":{"rendered":"http:\/\/www.gemlavie.org\/?page_id=87"},"modified":"2024-04-05T11:02:48","modified_gmt":"2024-04-05T09:02:48","slug":"87-2","status":"publish","type":"page","link":"https:\/\/www.gemlavie.org\/index.php\/87-2\/","title":{"rendered":"Les activit\u00e9s propos\u00e9es au sein du GEM"},"content":{"rendered":"\n<p><strong>Th\u00e9\u00e2tre<\/strong><\/p>\n\n\n\n<p>Travail de m\u00e9moire, improvisation, mise en situation, selon les capacit\u00e9s de chacun. Durant cet atelier est \u00e9galement \u00e9labor\u00e9 un spectacle de fin d\u2019ann\u00e9e, et ce dans la bonne humeur ! Les vendredis apr\u00e8s-midi de 14h \u00e0 16h.<\/p>\n\n\n\n<p><em>Atelier anim\u00e9 par <\/em><a href=\"http:\/\/didier-busseau.fr\/\"><em>Didier Busseau<\/em><\/a><em>, intervenant th\u00e9\u00e2tre sp\u00e9cialis\u00e9 dans le handicap.<\/em><\/p>\n\n\n\n<figure class=\"wp-block-image size-large\"><img loading=\"lazy\" decoding=\"async\" width=\"1024\" height=\"768\" src=\"http:\/\/www.gemlavie.org\/wp-content\/uploads\/2024\/03\/IMG-20240112-WA0001-1024x768.jpg\" alt=\"\" class=\"wp-image-88\" srcset=\"https:\/\/www.gemlavie.org\/wp-content\/uploads\/2024\/03\/IMG-20240112-WA0001-1024x768.jpg 1024w, https:\/\/www.gemlavie.org\/wp-content\/uploads\/2024\/03\/IMG-20240112-WA0001-300x225.jpg 300w, https:\/\/www.gemlavie.org\/wp-content\/uploads\/2024\/03\/IMG-20240112-WA0001-768x576.jpg 768w, https:\/\/www.gemlavie.org\/wp-content\/uploads\/2024\/03\/IMG-20240112-WA0001-1536x1152.jpg 1536w, https:\/\/www.gemlavie.org\/wp-content\/uploads\/2024\/03\/IMG-20240112-WA0001.jpg 1600w\" sizes=\"auto, (max-width: 1024px) 100vw, 1024px\" \/><\/figure>\n\n\n\n<p><strong>Chant<\/strong>\u00ab&nbsp;Je propose des ateliers de chant th\u00e9rapeutique \u00e0 destination des personnes en situation de handicap. Gr\u00e2ce \u00e0 une triple stimulation du corps, de la m\u00e9moire et du corps, on assiste \u00e0 de vrais r\u00e9veils des \u00e9motions&nbsp;!&nbsp;\u00bb<\/p>\n\n\n\n<p><em>Atelier anim\u00e9 par B\u00e9n\u00e9dicte DE LA ROUSSERIE un mardi sur deux de 14h \u00e0 16h<\/em><\/p>\n\n\n\n<figure class=\"wp-block-image size-large\"><img loading=\"lazy\" decoding=\"async\" width=\"1024\" height=\"768\" src=\"http:\/\/www.gemlavie.org\/wp-content\/uploads\/2024\/03\/IMG-20230905-WA0000-1024x768.jpg\" alt=\"\" class=\"wp-image-95\" srcset=\"https:\/\/www.gemlavie.org\/wp-content\/uploads\/2024\/03\/IMG-20230905-WA0000-1024x768.jpg 1024w, https:\/\/www.gemlavie.org\/wp-content\/uploads\/2024\/03\/IMG-20230905-WA0000-300x225.jpg 300w, https:\/\/www.gemlavie.org\/wp-content\/uploads\/2024\/03\/IMG-20230905-WA0000-768x576.jpg 768w, https:\/\/www.gemlavie.org\/wp-content\/uploads\/2024\/03\/IMG-20230905-WA0000-1536x1152.jpg 1536w, https:\/\/www.gemlavie.org\/wp-content\/uploads\/2024\/03\/IMG-20230905-WA0000.jpg 1600w\" sizes=\"auto, (max-width: 1024px) 100vw, 1024px\" \/><\/figure>\n\n\n\n<p><strong>&nbsp;Atelier cuisine et repas partag\u00e9s<\/strong><\/p>\n\n\n\n<p>Tous les lundi, mercredis et vendredis midi, un repas \u00e0 5 euros est propos\u00e9 \u00e0 toutes les personnes qui le souhaitent. Un moment convivial o\u00f9 chacun peut se rencontrer autrement que par les activit\u00e9s classiques.<\/p>\n\n\n\n<p><em>L\u2019atelier cuisine qui pr\u00e9c\u00e8de est anim\u00e9 par quatre jeunes en service civique Unis Cit\u00e9 les mercredis, par les permanents du GEM les mercredis et par des adh\u00e9rents-b\u00e9n\u00e9voles les vendredis.<\/em><\/p>\n\n\n\n<figure class=\"wp-block-image size-large\"><img loading=\"lazy\" decoding=\"async\" width=\"768\" height=\"1024\" src=\"http:\/\/www.gemlavie.org\/wp-content\/uploads\/2024\/03\/IMG-20240112-WA0000-768x1024.jpg\" alt=\"\" class=\"wp-image-89\" srcset=\"https:\/\/www.gemlavie.org\/wp-content\/uploads\/2024\/03\/IMG-20240112-WA0000-768x1024.jpg 768w, https:\/\/www.gemlavie.org\/wp-content\/uploads\/2024\/03\/IMG-20240112-WA0000-225x300.jpg 225w, https:\/\/www.gemlavie.org\/wp-content\/uploads\/2024\/03\/IMG-20240112-WA0000-1152x1536.jpg 1152w, https:\/\/www.gemlavie.org\/wp-content\/uploads\/2024\/03\/IMG-20240112-WA0000.jpg 1200w\" sizes=\"auto, (max-width: 768px) 100vw, 768px\" \/><\/figure>\n\n\n\n<p><strong>Jeux de soci\u00e9t\u00e9<\/strong><\/p>\n\n\n\n<p>Activit\u00e9 historique du GEM o\u00f9 l\u2019esprit de comp\u00e9tition de chacun, parfois bien enfoui, se r\u00e9veille dans l\u2019amusement et le fair-play !<\/p>\n\n\n\n<p><em>Encadr\u00e9 par un b\u00e9n\u00e9vole ou un membre permanent du GEM.<\/em><\/p>\n\n\n\n<figure class=\"wp-block-image size-large\"><img loading=\"lazy\" decoding=\"async\" width=\"768\" height=\"1024\" src=\"http:\/\/www.gemlavie.org\/wp-content\/uploads\/2024\/03\/IMG-20240117-WA0014-768x1024.jpg\" alt=\"\" class=\"wp-image-90\" srcset=\"https:\/\/www.gemlavie.org\/wp-content\/uploads\/2024\/03\/IMG-20240117-WA0014-768x1024.jpg 768w, https:\/\/www.gemlavie.org\/wp-content\/uploads\/2024\/03\/IMG-20240117-WA0014-225x300.jpg 225w, https:\/\/www.gemlavie.org\/wp-content\/uploads\/2024\/03\/IMG-20240117-WA0014-1152x1536.jpg 1152w, https:\/\/www.gemlavie.org\/wp-content\/uploads\/2024\/03\/IMG-20240117-WA0014.jpg 1200w\" sizes=\"auto, (max-width: 768px) 100vw, 768px\" \/><\/figure>\n\n\n\n<p><strong>Caf\u00e9 philo<\/strong><\/p>\n\n\n\n<p>Activit\u00e9 mise en place \u00e0 la demande des adh\u00e9rents pour continuer les conversations de Simon de Cyr\u00e8ne sur la th\u00e9matique du \u00ab d\u00e9cloisonnement \u00bb. Puis chaque nouvelle rencontrer est l\u2019occasion de croiser nos regards et v\u00e9cues autour de sujets th\u00e9matiques. Venez tous avec vos id\u00e9es et vos projets !<\/p>\n\n\n\n<p><em>Atelier anim\u00e9 par le GEM un mercredi apr\u00e8s-midi par mois de 14h \u00e0 16h<\/em><\/p>\n\n\n\n<figure class=\"wp-block-image size-large\"><img loading=\"lazy\" decoding=\"async\" width=\"1024\" height=\"768\" src=\"http:\/\/www.gemlavie.org\/wp-content\/uploads\/2024\/03\/IMG-20240305-WA0001-1024x768.jpg\" alt=\"\" class=\"wp-image-91\" srcset=\"https:\/\/www.gemlavie.org\/wp-content\/uploads\/2024\/03\/IMG-20240305-WA0001-1024x768.jpg 1024w, https:\/\/www.gemlavie.org\/wp-content\/uploads\/2024\/03\/IMG-20240305-WA0001-300x225.jpg 300w, https:\/\/www.gemlavie.org\/wp-content\/uploads\/2024\/03\/IMG-20240305-WA0001-768x576.jpg 768w, https:\/\/www.gemlavie.org\/wp-content\/uploads\/2024\/03\/IMG-20240305-WA0001-1536x1152.jpg 1536w, https:\/\/www.gemlavie.org\/wp-content\/uploads\/2024\/03\/IMG-20240305-WA0001.jpg 1600w\" sizes=\"auto, (max-width: 1024px) 100vw, 1024px\" \/><\/figure>\n\n\n\n<p><strong>Batucada<\/strong><\/p>\n\n\n\n<p>Rythmiques et m\u00e9lodies sont \u00e0 l\u2019honneur lors de cette activit\u00e9 pr\u00e9vu un jeudi sur deux. Cet atelier est l\u2019occasion r\u00eav\u00e9e de pratiquer l\u2019\u00e9veil des sens, le plaisir de jouer ensemble et le travail de l\u2019\u00e9coute. De nombreux instruments sont apport\u00e9s par Florian pour que chacun puisse trouver son bonheur.<\/p>\n\n\n\n<p><em>Atelier anim\u00e9 par Florian FILLOUX de la compagnie envol et sonore un jeudi sur deux<\/em><\/p>\n\n\n\n<figure class=\"wp-block-image size-large is-resized\"><img loading=\"lazy\" decoding=\"async\" width=\"768\" height=\"1024\" src=\"http:\/\/www.gemlavie.org\/wp-content\/uploads\/2024\/03\/IMG-20240116-WA0003-768x1024.jpg\" alt=\"\" class=\"wp-image-92\" style=\"aspect-ratio:1;object-fit:cover;width:650px;height:auto\" srcset=\"https:\/\/www.gemlavie.org\/wp-content\/uploads\/2024\/03\/IMG-20240116-WA0003-768x1024.jpg 768w, https:\/\/www.gemlavie.org\/wp-content\/uploads\/2024\/03\/IMG-20240116-WA0003-225x300.jpg 225w, https:\/\/www.gemlavie.org\/wp-content\/uploads\/2024\/03\/IMG-20240116-WA0003-1152x1536.jpg 1152w, https:\/\/www.gemlavie.org\/wp-content\/uploads\/2024\/03\/IMG-20240116-WA0003.jpg 1200w\" sizes=\"auto, (max-width: 768px) 100vw, 768px\" \/><\/figure>\n\n\n\n<p><strong>Activit\u00e9 manuelle<\/strong><\/p>\n\n\n\n<p>De nombreuses activit\u00e9s cr\u00e9atives sont propos\u00e9es&nbsp;tout au cours de l\u2019ann\u00e9e.&nbsp; Fabrication de bougies, de savons, de d\u00e9corations, de terrarium ou encore de porte-cl\u00e9s, c\u2019est toujours l\u2019occasion de partager et d\u2019apprendre tous ensembles&nbsp;!<\/p>\n\n\n\n<p><em>Atelier propos\u00e9 ponctuellement au cours du mois<\/em><\/p>\n\n\n\n<figure class=\"wp-block-image size-large\"><img loading=\"lazy\" decoding=\"async\" width=\"771\" height=\"1024\" src=\"http:\/\/www.gemlavie.org\/wp-content\/uploads\/2024\/03\/1695029346548-771x1024.jpg\" alt=\"\" class=\"wp-image-96\" srcset=\"https:\/\/www.gemlavie.org\/wp-content\/uploads\/2024\/03\/1695029346548-771x1024.jpg 771w, https:\/\/www.gemlavie.org\/wp-content\/uploads\/2024\/03\/1695029346548-226x300.jpg 226w, https:\/\/www.gemlavie.org\/wp-content\/uploads\/2024\/03\/1695029346548-768x1020.jpg 768w, https:\/\/www.gemlavie.org\/wp-content\/uploads\/2024\/03\/1695029346548-1157x1536.jpg 1157w, https:\/\/www.gemlavie.org\/wp-content\/uploads\/2024\/03\/1695029346548-1542x2048.jpg 1542w, https:\/\/www.gemlavie.org\/wp-content\/uploads\/2024\/03\/1695029346548-scaled.jpg 1928w\" sizes=\"auto, (max-width: 771px) 100vw, 771px\" \/><\/figure>\n\n\n\n<p><strong>Jeux-vid\u00e9os<\/strong><\/p>\n\n\n\n<p>Jeux de WII en tous genres choisis \u00e0 la Biblioth\u00e8que Municipale Nelson Mandela. Sport, jeux d\u2019\u00e9quipes, jeux de r\u00e9flexions. Venez profiter de ce moment de partage&nbsp;!<\/p>\n\n\n\n<p><em>Atelier propos\u00e9 ponctuellement par l\u2019\u00e9quipe du GEM<\/em><\/p>\n\n\n\n\n\n<p><strong>Esth\u00e9tique<\/strong><\/p>\n\n\n\n<p>Entre d\u00e9tente et soin, profitez de ce moment pour vous changer les id\u00e9es et prendre soin de vous, tant au niveau corporel que psychique!<\/p>\n\n\n\n<figure class=\"wp-block-image size-large is-resized\"><img loading=\"lazy\" decoding=\"async\" width=\"1024\" height=\"768\" src=\"http:\/\/www.gemlavie.org\/wp-content\/uploads\/2024\/04\/IMG_20240102_143742-1024x768.jpg\" alt=\"\" class=\"wp-image-108\" style=\"aspect-ratio:1;object-fit:cover;width:359px;height:auto\" srcset=\"https:\/\/www.gemlavie.org\/wp-content\/uploads\/2024\/04\/IMG_20240102_143742-1024x768.jpg 1024w, https:\/\/www.gemlavie.org\/wp-content\/uploads\/2024\/04\/IMG_20240102_143742-300x225.jpg 300w, https:\/\/www.gemlavie.org\/wp-content\/uploads\/2024\/04\/IMG_20240102_143742-768x576.jpg 768w\" sizes=\"auto, (max-width: 1024px) 100vw, 1024px\" \/><\/figure>\n\n\n\n<p>Vie associative<\/p>\n\n\n\n<p>Les adh\u00e9rents volontaires participent \u00e0 la vie associative du GEM, en cr\u00e9ant la gazette ou en imaginant le planning d&#8217;activit\u00e9s par eux-m\u00eames!<\/p>\n\n\n\n<figure class=\"wp-block-image size-large\"><img loading=\"lazy\" decoding=\"async\" width=\"1024\" height=\"768\" src=\"http:\/\/www.gemlavie.org\/wp-content\/uploads\/2024\/03\/IMG-20231116-WA0003-1024x768.jpg\" alt=\"\" class=\"wp-image-97\" srcset=\"https:\/\/www.gemlavie.org\/wp-content\/uploads\/2024\/03\/IMG-20231116-WA0003-1024x768.jpg 1024w, https:\/\/www.gemlavie.org\/wp-content\/uploads\/2024\/03\/IMG-20231116-WA0003-300x225.jpg 300w, https:\/\/www.gemlavie.org\/wp-content\/uploads\/2024\/03\/IMG-20231116-WA0003-768x576.jpg 768w, https:\/\/www.gemlavie.org\/wp-content\/uploads\/2024\/03\/IMG-20231116-WA0003-1536x1152.jpg 1536w, https:\/\/www.gemlavie.org\/wp-content\/uploads\/2024\/03\/IMG-20231116-WA0003.jpg 1600w\" sizes=\"auto, (max-width: 1024px) 100vw, 1024px\" \/><\/figure>\n","protected":false},"excerpt":{"rendered":"<p>Th\u00e9\u00e2tre Travail de m\u00e9moire, improvisation, mise en situation, selon les capacit\u00e9s de chacun. Durant cet atelier est \u00e9galement \u00e9labor\u00e9 un spectacle de fin d\u2019ann\u00e9e, et ce dans la bonne humeur ! Les vendredis apr\u00e8s-midi de 14h \u00e0 16h. Atelier anim\u00e9 par Didier Busseau, intervenant th\u00e9\u00e2tre sp\u00e9cialis\u00e9 dans le handicap. Chant\u00ab&nbsp;Je propose des ateliers de chant th\u00e9rapeutique \u00e0 destination des personnes en situation de handicap. Gr\u00e2ce \u00e0 une triple stimulation du corps, de la m\u00e9moire et du corps, on assiste \u00e0 de vrais r\u00e9veils des \u00e9motions&nbsp;!&nbsp;\u00bb Atelier anim\u00e9 par B\u00e9n\u00e9dicte DE LA ROUSSERIE un mardi sur deux de 14h \u00e0 16h &nbsp;Atelier cuisine et repas partag\u00e9s Tous les lundi, mercredis et vendredis midi, un repas \u00e0 5 euros est propos\u00e9 \u00e0 toutes les personnes qui le souhaitent. Un moment convivial o\u00f9 chacun peut se rencontrer autrement que par les activit\u00e9s classiques. L\u2019atelier cuisine qui pr\u00e9c\u00e8de est anim\u00e9 par quatre jeunes en service civique Unis Cit\u00e9 les mercredis, par les permanents du GEM les mercredis et par des adh\u00e9rents-b\u00e9n\u00e9voles les vendredis. Jeux de soci\u00e9t\u00e9 Activit\u00e9 historique du GEM o\u00f9 l\u2019esprit de comp\u00e9tition de chacun, parfois bien enfoui, se r\u00e9veille dans l\u2019amusement et le fair-play ! Encadr\u00e9 par un b\u00e9n\u00e9vole ou un membre permanent du GEM. Caf\u00e9 philo Activit\u00e9 mise en place \u00e0 la demande des adh\u00e9rents pour continuer les conversations de Simon de Cyr\u00e8ne sur la th\u00e9matique du \u00ab d\u00e9cloisonnement \u00bb. Puis chaque nouvelle rencontrer est l\u2019occasion de croiser nos regards et v\u00e9cues autour de sujets th\u00e9matiques. Venez tous avec vos id\u00e9es et vos projets ! Atelier anim\u00e9 par le GEM un mercredi apr\u00e8s-midi par mois de 14h \u00e0 16h Batucada Rythmiques et m\u00e9lodies sont \u00e0 l\u2019honneur lors de cette activit\u00e9 pr\u00e9vu un jeudi sur deux. Cet atelier est l\u2019occasion r\u00eav\u00e9e de pratiquer l\u2019\u00e9veil des sens, le plaisir de jouer ensemble et le travail de l\u2019\u00e9coute. De nombreux instruments sont apport\u00e9s par Florian pour que chacun puisse trouver son bonheur. Atelier anim\u00e9 par Florian FILLOUX de la compagnie envol et sonore un jeudi sur deux Activit\u00e9 manuelle De nombreuses activit\u00e9s cr\u00e9atives sont propos\u00e9es&nbsp;tout au cours de l\u2019ann\u00e9e.&nbsp; Fabrication de bougies, de savons, de d\u00e9corations, de terrarium ou encore de porte-cl\u00e9s, c\u2019est toujours l\u2019occasion de partager et d\u2019apprendre tous ensembles&nbsp;! Atelier propos\u00e9 ponctuellement au cours du mois Jeux-vid\u00e9os Jeux de WII en tous genres choisis \u00e0 la Biblioth\u00e8que Municipale Nelson Mandela. Sport, jeux d\u2019\u00e9quipes, jeux de r\u00e9flexions. Venez profiter de ce moment de partage&nbsp;! Atelier propos\u00e9 ponctuellement par l\u2019\u00e9quipe du GEM Esth\u00e9tique Entre d\u00e9tente et soin, profitez de ce moment pour vous changer les id\u00e9es et prendre soin de vous, tant au niveau corporel que psychique! Vie associative Les adh\u00e9rents volontaires participent \u00e0 la vie associative du GEM, en cr\u00e9ant la gazette ou en imaginant le planning d&#8217;activit\u00e9s par eux-m\u00eames!<\/p>\n","protected":false},"author":1,"featured_media":0,"parent":0,"menu_order":0,"comment_status":"closed","ping_status":"closed","template":"","meta":{"footnotes":""},"class_list":["post-87","page","type-page","status-publish","hentry"],"_links":{"self":[{"href":"https:\/\/www.gemlavie.org\/index.php\/wp-json\/wp\/v2\/pages\/87","targetHints":{"allow":["GET"]}}],"collection":[{"href":"https:\/\/www.gemlavie.org\/index.php\/wp-json\/wp\/v2\/pages"}],"about":[{"href":"https:\/\/www.gemlavie.org\/index.php\/wp-json\/wp\/v2\/types\/page"}],"author":[{"embeddable":true,"href":"https:\/\/www.gemlavie.org\/index.php\/wp-json\/wp\/v2\/users\/1"}],"replies":[{"embeddable":true,"href":"https:\/\/www.gemlavie.org\/index.php\/wp-json\/wp\/v2\/comments?post=87"}],"version-history":[{"count":3,"href":"https:\/\/www.gemlavie.org\/index.php\/wp-json\/wp\/v2\/pages\/87\/revisions"}],"predecessor-version":[{"id":110,"href":"https:\/\/www.gemlavie.org\/index.php\/wp-json\/wp\/v2\/pages\/87\/revisions\/110"}],"wp:attachment":[{"href":"https:\/\/www.gemlavie.org\/index.php\/wp-json\/wp\/v2\/media?parent=87"}],"curies":[{"name":"wp","href":"https:\/\/api.w.org\/{rel}","templated":true}]}}